{"id":1134,"date":"2021-06-07T12:21:20","date_gmt":"2021-06-07T12:21:20","guid":{"rendered":"https:\/\/candet.es\/historia\/"},"modified":"2026-04-29T09:58:42","modified_gmt":"2026-04-29T09:58:42","slug":"geschichte","status":"publish","type":"page","link":"https:\/\/candet.es\/de\/geschichte\/","title":{"rendered":"Geschichte"},"content":{"rendered":"\t\t<div data-elementor-type=\"wp-page\" data-elementor-id=\"1134\" class=\"elementor elementor-1134 elementor-6\">\n\t\t\t\t\t\t<section class=\"elementor-section elementor-top-section elementor-element elementor-element-c9eab7e elementor-section-full_width elementor-section-height-full elementor-section-height-default elementor-section-items-middle\" data-id=\"c9eab7e\" data-element_type=\"section\" data-e-type=\"section\">\n\t\t\t\t\t\t<div class=\"elementor-container elementor-column-gap-default\">\n\t\t\t\t\t<div class=\"elementor-column elementor-col-50 elementor-top-column elementor-element elementor-element-630417b\" data-id=\"630417b\" data-element_type=\"column\" data-e-type=\"column\" id=\"columna-fija\" data-settings=\"{&quot;background_background&quot;:&quot;slideshow&quot;,&quot;background_slideshow_gallery&quot;:[{&quot;id&quot;:160,&quot;url&quot;:&quot;http:\\\/\\\/candet.es\\\/wp-content\\\/uploads\\\/2021\\\/06\\\/foto5.jpg&quot;},{&quot;id&quot;:156,&quot;url&quot;:&quot;http:\\\/\\\/candet.es\\\/wp-content\\\/uploads\\\/2021\\\/06\\\/foto2.jpg&quot;},{&quot;id&quot;:152,&quot;url&quot;:&quot;http:\\\/\\\/candet.es\\\/wp-content\\\/uploads\\\/2021\\\/06\\\/foto1.jpg&quot;}],&quot;background_slideshow_loop&quot;:&quot;yes&quot;,&quot;background_slideshow_slide_duration&quot;:5000,&quot;background_slideshow_slide_transition&quot;:&quot;fade&quot;,&quot;background_slideshow_transition_duration&quot;:500}\">\n\t\t\t<div class=\"elementor-widget-wrap elementor-element-populated\">\n\t\t\t\t\t\t<div class=\"elementor-element elementor-element-0d0fa4e elementor-widget elementor-widget-spacer\" data-id=\"0d0fa4e\" data-element_type=\"widget\" data-e-type=\"widget\" data-widget_type=\"spacer.default\">\n\t\t\t\t<div class=\"elementor-widget-container\">\n\t\t\t\t\t\t\t<div class=\"elementor-spacer\">\n\t\t\t<div class=\"elementor-spacer-inner\"><\/div>\n\t\t<\/div>\n\t\t\t\t\t\t<\/div>\n\t\t\t\t<\/div>\n\t\t\t\t\t<\/div>\n\t\t<\/div>\n\t\t\t\t<div class=\"elementor-column elementor-col-50 elementor-top-column elementor-element elementor-element-3519413\" data-id=\"3519413\" data-element_type=\"column\" data-e-type=\"column\" id=\"columna-contenido\">\n\t\t\t<div class=\"elementor-widget-wrap elementor-element-populated\">\n\t\t\t\t\t\t<div class=\"elementor-element elementor-element-c945455 titular elementor-widget elementor-widget-heading\" data-id=\"c945455\" data-element_type=\"widget\" data-e-type=\"widget\" data-widget_type=\"heading.default\">\n\t\t\t\t<div class=\"elementor-widget-container\">\n\t\t\t\t\t<h1 class=\"elementor-heading-title elementor-size-default\">Geschichte und Familie<\/h1>\t\t\t\t<\/div>\n\t\t\t\t<\/div>\n\t\t\t\t<div class=\"elementor-element elementor-element-03c8ae8 elementor-widget elementor-widget-text-editor\" data-id=\"03c8ae8\" data-element_type=\"widget\" data-e-type=\"widget\" data-widget_type=\"text-editor.default\">\n\t\t\t\t<div class=\"elementor-widget-container\">\n\t\t\t\t\t\t\t\t\t<p>Die ersten Dokumente, in denen das alteingesessene Geschlecht von Can Det erw\u00e4hnt wird, stammen aus dem Jahr 1525. Die Familie, deren T\u00e4tigkeit schon immer mit der Oliven\u00f6lproduktion und Zitrusfr\u00fcchten verbunden war, lie\u00df sich im 16. Jahrhundert in S\u00f3ller nieder und setzt auch siebzehn Generationen sp\u00e4ter noch die Produktion dieser f\u00fcr das Tal von S\u00f3ller so typischen Fr\u00fcchte fort.\u00a0<\/p><p>Das erste Testament der Familie auf den Namen von Pedro Ozonas, einem der Vorfahren der beiden Br\u00fcder, die heute die \u00d6lm\u00fchle von Can Det besitzen und leiten, stammt aus dem Jahr 1561 und wird im Stadtarchiv aufbewahrt.\u00a0\u00a0<\/p><p>Die Traditionen aufrechtzuerhalten und sie an den heutigen Lebensstandard anzupassen, hat eine gro\u00dfe Herausforderung f\u00fcr diese Familie dargestellt, hinter der Generationen von Erfahrung in dieser Branche stehen.\u00a0\u00a0<\/p>\t\t\t\t\t\t\t\t<\/div>\n\t\t\t\t<\/div>\n\t\t\t\t<div class=\"elementor-element elementor-element-e7cdcb5 elementor-widget__width-auto elementor-widget elementor-widget-button\" data-id=\"e7cdcb5\" data-element_type=\"widget\" data-e-type=\"widget\" data-widget_type=\"button.default\">\n\t\t\t\t<div class=\"elementor-widget-container\">\n\t\t\t\t\t\t\t\t\t<div class=\"elementor-button-wrapper\">\n\t\t\t\t\t<a class=\"elementor-button elementor-button-link elementor-size-sm\" href=\"http:\/\/candet.es\/wp-content\/uploads\/2021\/10\/Petri-Ozonas-1561.pdf\" target=\"_blank\">\n\t\t\t\t\t\t<span class=\"elementor-button-content-wrapper\">\n\t\t\t\t\t\t<span class=\"elementor-button-icon\">\n\t\t\t\t<i aria-hidden=\"true\" class=\"far fa-file-pdf\"><\/i>\t\t\t<\/span>\n\t\t\t\t\t\t\t\t\t<span class=\"elementor-button-text\">Familie wird<\/span>\n\t\t\t\t\t<\/span>\n\t\t\t\t\t<\/a>\n\t\t\t\t<\/div>\n\t\t\t\t\t\t\t\t<\/div>\n\t\t\t\t<\/div>\n\t\t\t\t<div class=\"elementor-element elementor-element-3e80824 elementor-widget__width-auto elementor-widget elementor-widget-button\" data-id=\"3e80824\" data-element_type=\"widget\" data-e-type=\"widget\" data-widget_type=\"button.default\">\n\t\t\t\t<div class=\"elementor-widget-container\">\n\t\t\t\t\t\t\t\t\t<div class=\"elementor-button-wrapper\">\n\t\t\t\t\t<a class=\"elementor-button elementor-button-link elementor-size-sm\" href=\"http:\/\/candet.es\/wp-content\/uploads\/2021\/10\/Diploma.pdf\" target=\"_blank\">\n\t\t\t\t\t\t<span class=\"elementor-button-content-wrapper\">\n\t\t\t\t\t\t<span class=\"elementor-button-icon\">\n\t\t\t\t<i aria-hidden=\"true\" class=\"far fa-file-pdf\"><\/i>\t\t\t<\/span>\n\t\t\t\t\t\t\t\t\t<span class=\"elementor-button-text\">1903 Diplom<\/span>\n\t\t\t\t\t<\/span>\n\t\t\t\t\t<\/a>\n\t\t\t\t<\/div>\n\t\t\t\t\t\t\t\t<\/div>\n\t\t\t\t<\/div>\n\t\t\t\t\t<\/div>\n\t\t<\/div>\n\t\t\t\t\t<\/div>\n\t\t<\/section>\n\t\t\t\t<\/div>\n\t\t","protected":false},"excerpt":{"rendered":"<p>Geschichte und Familie Die ersten Dokumente, in denen das alteingesessene Geschlecht von Can Det erw\u00e4hnt wird, stammen aus dem Jahr 1525. Die Familie, deren T\u00e4tigkeit schon immer mit der Oliven\u00f6lproduktion und Zitrusfr\u00fcchten verbunden war, lie\u00df sich im 16. Jahrhundert in S\u00f3ller nieder und setzt auch siebzehn Generationen sp\u00e4ter noch die Produktion dieser f\u00fcr das Tal [&hellip;]<\/p>\n","protected":false},"author":1,"featured_media":0,"parent":0,"menu_order":0,"comment_status":"closed","ping_status":"closed","template":"page-interior.php","meta":{"inline_featured_image":false,"footnotes":""},"class_list":["post-1134","page","type-page","status-publish","hentry"],"yoast_head":"<!-- This site is optimized with the Yoast SEO plugin v27.4 - https:\/\/yoast.com\/product\/yoast-seo-wordpress\/ -->\n<title>Geschichte von CAN DET S\u00f3ller | Familientradition und F\u00fchrungen<\/title>\n<meta name=\"description\" content=\"Erfahren Sie mehr \u00fcber die Geschichte von Can Det in S\u00f3ller, einem Familienhaus mit mallorquinischer Tradition. Entdecken Sie mehr und buchen Sie Ihre F\u00fchrung online.\" \/>\n<meta name=\"robots\" content=\"index, follow, max-snippet:-1, max-image-preview:large, max-video-preview:-1\" \/>\n<link rel=\"canonical\" href=\"https:\/\/candet.es\/de\/geschichte\/\" \/>\n<meta property=\"og:locale\" content=\"de_DE\" \/>\n<meta property=\"og:type\" content=\"article\" \/>\n<meta property=\"og:title\" content=\"Geschichte von CAN DET S\u00f3ller | Familientradition und F\u00fchrungen\" \/>\n<meta property=\"og:description\" content=\"Erfahren Sie mehr \u00fcber die Geschichte von Can Det in S\u00f3ller, einem Familienhaus mit mallorquinischer Tradition. Entdecken Sie mehr und buchen Sie Ihre F\u00fchrung online.\" \/>\n<meta property=\"og:url\" content=\"https:\/\/candet.es\/de\/geschichte\/\" \/>\n<meta property=\"og:site_name\" content=\"Can Det\" \/>\n<meta property=\"article:modified_time\" content=\"2026-04-29T09:58:42+00:00\" \/>\n<meta name=\"twitter:card\" content=\"summary_large_image\" \/>\n<meta name=\"twitter:label1\" content=\"Gesch\u00e4tzte Lesezeit\" \/>\n\t<meta name=\"twitter:data1\" content=\"1\u00a0Minute\" \/>\n<script type=\"application\/ld+json\" class=\"yoast-schema-graph\">{\"@context\":\"https:\\\/\\\/schema.org\",\"@graph\":[{\"@type\":\"WebPage\",\"@id\":\"https:\\\/\\\/candet.es\\\/de\\\/geschichte\\\/\",\"url\":\"https:\\\/\\\/candet.es\\\/de\\\/geschichte\\\/\",\"name\":\"Geschichte von CAN DET S\u00f3ller | Familientradition und F\u00fchrungen\",\"isPartOf\":{\"@id\":\"https:\\\/\\\/candet.es\\\/de\\\/#website\"},\"datePublished\":\"2021-06-07T12:21:20+00:00\",\"dateModified\":\"2026-04-29T09:58:42+00:00\",\"description\":\"Erfahren Sie mehr \u00fcber die Geschichte von Can Det in S\u00f3ller, einem Familienhaus mit mallorquinischer Tradition. Entdecken Sie mehr und buchen Sie Ihre F\u00fchrung online.\",\"breadcrumb\":{\"@id\":\"https:\\\/\\\/candet.es\\\/de\\\/geschichte\\\/#breadcrumb\"},\"inLanguage\":\"de\",\"potentialAction\":[{\"@type\":\"ReadAction\",\"target\":[\"https:\\\/\\\/candet.es\\\/de\\\/geschichte\\\/\"]}]},{\"@type\":\"BreadcrumbList\",\"@id\":\"https:\\\/\\\/candet.es\\\/de\\\/geschichte\\\/#breadcrumb\",\"itemListElement\":[{\"@type\":\"ListItem\",\"position\":1,\"name\":\"Portada\",\"item\":\"https:\\\/\\\/candet.es\\\/de\\\/\"},{\"@type\":\"ListItem\",\"position\":2,\"name\":\"Geschichte\"}]},{\"@type\":\"WebSite\",\"@id\":\"https:\\\/\\\/candet.es\\\/de\\\/#website\",\"url\":\"https:\\\/\\\/candet.es\\\/de\\\/\",\"name\":\"Can Det\",\"description\":\"Visitas Guiadas S\u00f3ller\",\"potentialAction\":[{\"@type\":\"SearchAction\",\"target\":{\"@type\":\"EntryPoint\",\"urlTemplate\":\"https:\\\/\\\/candet.es\\\/de\\\/?s={search_term_string}\"},\"query-input\":{\"@type\":\"PropertyValueSpecification\",\"valueRequired\":true,\"valueName\":\"search_term_string\"}}],\"inLanguage\":\"de\"}]}<\/script>\n<!-- \/ Yoast SEO plugin. -->","yoast_head_json":{"title":"Geschichte von CAN DET S\u00f3ller | Familientradition und F\u00fchrungen","description":"Erfahren Sie mehr \u00fcber die Geschichte von Can Det in S\u00f3ller, einem Familienhaus mit mallorquinischer Tradition. Entdecken Sie mehr und buchen Sie Ihre F\u00fchrung online.","robots":{"index":"index","follow":"follow","max-snippet":"max-snippet:-1","max-image-preview":"max-image-preview:large","max-video-preview":"max-video-preview:-1"},"canonical":"https:\/\/candet.es\/de\/geschichte\/","og_locale":"de_DE","og_type":"article","og_title":"Geschichte von CAN DET S\u00f3ller | Familientradition und F\u00fchrungen","og_description":"Erfahren Sie mehr \u00fcber die Geschichte von Can Det in S\u00f3ller, einem Familienhaus mit mallorquinischer Tradition. Entdecken Sie mehr und buchen Sie Ihre F\u00fchrung online.","og_url":"https:\/\/candet.es\/de\/geschichte\/","og_site_name":"Can Det","article_modified_time":"2026-04-29T09:58:42+00:00","twitter_card":"summary_large_image","twitter_misc":{"Gesch\u00e4tzte Lesezeit":"1\u00a0Minute"},"schema":{"@context":"https:\/\/schema.org","@graph":[{"@type":"WebPage","@id":"https:\/\/candet.es\/de\/geschichte\/","url":"https:\/\/candet.es\/de\/geschichte\/","name":"Geschichte von CAN DET S\u00f3ller | Familientradition und F\u00fchrungen","isPartOf":{"@id":"https:\/\/candet.es\/de\/#website"},"datePublished":"2021-06-07T12:21:20+00:00","dateModified":"2026-04-29T09:58:42+00:00","description":"Erfahren Sie mehr \u00fcber die Geschichte von Can Det in S\u00f3ller, einem Familienhaus mit mallorquinischer Tradition. Entdecken Sie mehr und buchen Sie Ihre F\u00fchrung online.","breadcrumb":{"@id":"https:\/\/candet.es\/de\/geschichte\/#breadcrumb"},"inLanguage":"de","potentialAction":[{"@type":"ReadAction","target":["https:\/\/candet.es\/de\/geschichte\/"]}]},{"@type":"BreadcrumbList","@id":"https:\/\/candet.es\/de\/geschichte\/#breadcrumb","itemListElement":[{"@type":"ListItem","position":1,"name":"Portada","item":"https:\/\/candet.es\/de\/"},{"@type":"ListItem","position":2,"name":"Geschichte"}]},{"@type":"WebSite","@id":"https:\/\/candet.es\/de\/#website","url":"https:\/\/candet.es\/de\/","name":"Can Det","description":"Visitas Guiadas S\u00f3ller","potentialAction":[{"@type":"SearchAction","target":{"@type":"EntryPoint","urlTemplate":"https:\/\/candet.es\/de\/?s={search_term_string}"},"query-input":{"@type":"PropertyValueSpecification","valueRequired":true,"valueName":"search_term_string"}}],"inLanguage":"de"}]}},"_links":{"self":[{"href":"https:\/\/candet.es\/de\/wp-json\/wp\/v2\/pages\/1134","targetHints":{"allow":["GET"]}}],"collection":[{"href":"https:\/\/candet.es\/de\/wp-json\/wp\/v2\/pages"}],"about":[{"href":"https:\/\/candet.es\/de\/wp-json\/wp\/v2\/types\/page"}],"author":[{"embeddable":true,"href":"https:\/\/candet.es\/de\/wp-json\/wp\/v2\/users\/1"}],"replies":[{"embeddable":true,"href":"https:\/\/candet.es\/de\/wp-json\/wp\/v2\/comments?post=1134"}],"version-history":[{"count":5,"href":"https:\/\/candet.es\/de\/wp-json\/wp\/v2\/pages\/1134\/revisions"}],"predecessor-version":[{"id":2007,"href":"https:\/\/candet.es\/de\/wp-json\/wp\/v2\/pages\/1134\/revisions\/2007"}],"wp:attachment":[{"href":"https:\/\/candet.es\/de\/wp-json\/wp\/v2\/media?parent=1134"}],"curies":[{"name":"wp","href":"https:\/\/api.w.org\/{rel}","templated":true}]}}